{"version":"1.0","provider_name":"Ministre D\u00e9l\u00e9gu\u00e9e En Charge de la Coop\u00e9ration Internationale Et Francophonie","provider_url":"https:\/\/cooperation.gouv.cd\/dev","title":"Audience RDC et Ukraine - Ministre D\u00e9l\u00e9gu\u00e9e En Charge de la Coop\u00e9ration Internationale Et Francophonie","type":"rich","width":600,"height":338,"html":"<blockquote class=\"wp-embedded-content\" data-secret=\"m46AsRKMQz\"><a href=\"https:\/\/cooperation.gouv.cd\/dev\/2024\/09\/12\/audience-rdc-et-ukraine\/\">Audience RDC et Ukraine<\/a><\/blockquote><iframe sandbox=\"allow-scripts\" security=\"restricted\" src=\"https:\/\/cooperation.gouv.cd\/dev\/2024\/09\/12\/audience-rdc-et-ukraine\/embed\/#?secret=m46AsRKMQz\" width=\"600\" height=\"338\" title=\"\u00ab\u00a0Audience RDC et Ukraine\u00a0\u00bb &#8212; Ministre D\u00e9l\u00e9gu\u00e9e En Charge de la Coop\u00e9ration Internationale Et Francophonie\" data-secret=\"m46AsRKMQz\" frameborder=\"0\" marginwidth=\"0\" marginheight=\"0\" scrolling=\"no\" class=\"wp-embedded-content\"><\/iframe><script>\n\/*! This file is auto-generated *\/\n!function(d,l){\"use strict\";l.querySelector&&d.addEventListener&&\"undefined\"!=typeof URL&&(d.wp=d.wp||{},d.wp.receiveEmbedMessage||(d.wp.receiveEmbedMessage=function(e){var t=e.data;if((t||t.secret||t.message||t.value)&&!\/[^a-zA-Z0-9]\/.test(t.secret)){for(var s,r,n,a=l.querySelectorAll('iframe[data-secret=\"'+t.secret+'\"]'),o=l.querySelectorAll('blockquote[data-secret=\"'+t.secret+'\"]'),c=new RegExp(\"^https?:$\",\"i\"),i=0;i<o.length;i++)o[i].style.display=\"none\";for(i=0;i<a.length;i++)s=a[i],e.source===s.contentWindow&&(s.removeAttribute(\"style\"),\"height\"===t.message?(1e3<(r=parseInt(t.value,10))?r=1e3:~~r<200&&(r=200),s.height=r):\"link\"===t.message&&(r=new URL(s.getAttribute(\"src\")),n=new URL(t.value),c.test(n.protocol))&&n.host===r.host&&l.activeElement===s&&(d.top.location.href=t.value))}},d.addEventListener(\"message\",d.wp.receiveEmbedMessage,!1),l.addEventListener(\"DOMContentLoaded\",function(){for(var e,t,s=l.querySelectorAll(\"iframe.wp-embedded-content\"),r=0;r<s.length;r++)(t=(e=s[r]).getAttribute(\"data-secret\"))||(t=Math.random().toString(36).substring(2,12),e.src+=\"#?secret=\"+t,e.setAttribute(\"data-secret\",t)),e.contentWindow.postMessage({message:\"ready\",secret:t},\"*\")},!1)))}(window,document);\n\/\/# sourceURL=https:\/\/cooperation.gouv.cd\/dev\/wp-includes\/js\/wp-embed.min.js\n<\/script>\n","thumbnail_url":"https:\/\/cooperation.gouv.cd\/dev\/wp-content\/uploads\/2024\/09\/IMG-20240927-WA0033.jpg","thumbnail_width":1600,"thumbnail_height":1066,"description":"Son Excellence Madame la Ministre D\u00e9l\u00e9gu\u00e9e en charge de la Coop\u00e9ration Internationale et de la Francophonie, Ma\u00eetre Bestine KADAZI DITABALA, a accord\u00e9 ce jeudi 12 septembre 2024, une audience \u00e0 son Cabinet de travail \u00e0 Monsieur Rodion SEMENIUK, Charg\u00e9 d\u2019Affaires de l\u2019Ukraine en R\u00e9publique D\u00e9mocratique du Congo. Les relations entre la RDC et l\u2019Ukraine se [&hellip;]"}