{"id":111,"date":"2024-09-22T22:05:34","date_gmt":"2024-09-22T20:05:34","guid":{"rendered":"http:\/\/cooperation.gouv.cd\/dev\/?page_id=111"},"modified":"2024-12-18T07:10:23","modified_gmt":"2024-12-18T06:10:23","slug":"cooperation-mutlilaterale","status":"publish","type":"page","link":"https:\/\/cooperation.gouv.cd\/dev\/cooperation-mutlilaterale\/","title":{"rendered":"Coop\u00e9ration Multilat\u00e9rale"},"content":{"rendered":"\n<div class=\"wp-block-columns is-layout-flex wp-container-core-columns-is-layout-28f84493 wp-block-columns-is-layout-flex\">\n<div class=\"wp-block-column has-white-background-color has-background is-layout-flow wp-block-column-is-layout-flow\">\n<p>.<\/p>\n\n\n\n<p class=\"has-text-align-center has-black-color has-text-color has-link-color has-medium-font-size wp-elements-bab9addbabaca55afdc40f7089129a64\">Liste des organisations de coop\u00e9ration multilat\u00e9rale avec la R\u00e9publique D\u00e9mocratique du Congo<\/p>\n\n\n\n<div class=\"wp-block-essential-blocks-accordion  root-eb-accordion-4kges\"><div class=\"eb-parent-wrapper eb-parent-eb-accordion-4kges \"><div class=\"eb-accordion-container eb-accordion-4kges\" data-accordion-type=\"accordion\" data-tab-icon=\"fas fa-angle-right\" data-expanded-icon=\"fas fa-angle-down\" data-transition-duration=\"500\"><div class=\"eb-accordion-inner\">\n<div class=\"wp-block-essential-blocks-accordion-item eb-accordion-item-j1thl eb-accordion-wrapper\" data-clickable=\"true\"><div class=\"eb-accordion-title-wrapper eb-accordion-title-wrapper-eb-accordion-4kges\" tabindex=\"0\"><span class=\"eb-accordion-icon-wrapper eb-accordion-icon-wrapper-eb-accordion-4kges\"><span class=\"fas fa-angle-right eb-accordion-icon\"><\/span><\/span><div class=\"eb-accordion-title-content-wrap title-content-eb-accordion-4kges\"><h3 class=\"eb-accordion-title\">Organisations Internationales<\/h3><\/div><\/div><div class=\"eb-accordion-content-wrapper eb-accordion-content-wrapper-eb-accordion-4kges\"><div class=\"eb-accordion-content\">\n<div class=\"wp-block-essential-blocks-feature-list  root-eb-feature-list-ia2h8\"><div class=\"eb-parent-wrapper eb-parent-eb-feature-list-ia2h8 eb_animation eb___animated eb___fadeIn\"><div class=\"eb-feature-list-ia2h8 eb-feature-list-wrapper eb-icon-position-left eb-tablet-icon-position-left eb-mobile-icon-position-left eb-feature-list-left\"><ul class=\"eb-feature-list-items circle stacked\"><li class=\"eb-feature-list-item\" data-new-tab=\"true\" data-icon-type=\"image\" data-icon=\"fas fa-check\" data-icon-color=\"\" data-icon-background-color=\"#fcb900\" data-link=\"https:\/\/cooperation.gouv.cd\/dev\/category\/activites\/cooperation-avec-le-fao\/\"><div class=\"eb-feature-list-icon-box\"><div class=\"eb-feature-list-icon-inner\"><span class=\"eb-feature-list-icon\" style=\"color:;background-color:#fcb900\"><img class=\"eb-feature-list-img\"\/><\/span><\/div><\/div><div class=\"eb-feature-list-content-box\"><h3 class=\"eb-feature-list-title\"><a href=\"https:\/\/cooperation.gouv.cd\/dev\/category\/activites\/cooperation-avec-le-fao\/\" target=\"_blank\" rel=\"noopener\">Organisation des Nations Unies pour l&rsquo;alimentation et l&rsquo;agriculture (FAO)<\/a><\/h3><p class=\"eb-feature-list-content\">La FAO, agence sp\u00e9cialis\u00e9e de l&rsquo;ONU, m\u00e8ne les efforts internationaux pour \u00e9liminer la faim. Son objectif vise \u00e0 atteindre la s\u00e9curit\u00e9 alimentaire pour tous, garantir un acc\u00e8s r\u00e9gulier et suffisant \u00e0 une nourriture de qualit\u00e9 permettant \u00e0 chacun de mener une vie saine et active.<\/p><\/div><\/li><li class=\"eb-feature-list-item\" data-new-tab=\"true\" data-icon-type=\"icon\" data-icon=\"fas fa-check\" data-icon-color=\"\" data-icon-background-color=\"#fcb900\" data-link=\"https:\/\/www.iaea.org\/fr\"><div class=\"eb-feature-list-icon-box\"><div class=\"eb-feature-list-icon-inner\"><span class=\"eb-feature-list-icon\" style=\"color:;background-color:#fcb900\"><i icon=\"fas fa-check\" class=\"fas fa-check \"><\/i><\/span><\/div><\/div><div class=\"eb-feature-list-content-box\"><h3 class=\"eb-feature-list-title\"><a href=\"https:\/\/www.iaea.org\/fr\" target=\"_blank\" rel=\"noopener\">Agence internationale de l&rsquo;\u00e9nergie atomique (AIEA)<\/a><\/h3><p class=\"eb-feature-list-content\">L&rsquo;AIEA est la principale organisation intergouvernementale au monde pour la coop\u00e9ration scientifique et technique dans le domaine de l&rsquo;\u00e9nergie nucl\u00e9aire.<\/p><\/div><\/li><li class=\"eb-feature-list-item\" data-new-tab=\"true\" data-icon-type=\"icon\" data-icon=\"fas fa-check\" data-icon-color=\"\" data-icon-background-color=\"#fcb900\" data-link=\"https:\/\/www.ifad.org\/fr\/nous-le-fida\"><div class=\"eb-feature-list-icon-box\"><div class=\"eb-feature-list-icon-inner\"><span class=\"eb-feature-list-icon\" style=\"color:;background-color:#fcb900\"><i icon=\"fas fa-check\" class=\"fas fa-check \"><\/i><\/span><\/div><\/div><div class=\"eb-feature-list-content-box\"><h3 class=\"eb-feature-list-title\"><a href=\"https:\/\/www.ifad.org\/fr\/nous-le-fida\" target=\"_blank\" rel=\"noopener\">Fonds international de d\u00e9veloppement agricole (FIDA)<\/a><\/h3><p class=\"eb-feature-list-content\">Le FIDA, est un organisme qui depuis plus de 40 ans, soutient les populations rurales en leur offrant les ressources n\u00e9cessaires pour lutter contre la pauvret\u00e9, am\u00e9liorer la s\u00e9curit\u00e9 alimentaire, renforcer la nutrition et accro\u00eetre leur r\u00e9silience.<\/p><\/div><\/li><li class=\"eb-feature-list-item\" data-new-tab=\"true\" data-icon-type=\"icon\" data-icon=\"fas fa-check\" data-icon-color=\"\" data-icon-background-color=\"#fcb900\" data-link=\"https:\/\/www.ilo.org\/fr\"><div class=\"eb-feature-list-icon-box\"><div class=\"eb-feature-list-icon-inner\"><span class=\"eb-feature-list-icon\" style=\"color:;background-color:#fcb900\"><i icon=\"fas fa-check\" class=\"fas fa-check \"><\/i><\/span><\/div><\/div><div class=\"eb-feature-list-content-box\"><h3 class=\"eb-feature-list-title\"><a href=\"https:\/\/www.ilo.org\/fr\" target=\"_blank\" rel=\"noopener\">Organisation internationale du travail (OIT)<\/a><\/h3><p class=\"eb-feature-list-content\">L&rsquo;OIT, a pour mission de promouvoir la justice sociale, les droits de l&rsquo;homme et les droits au travail reconnus internationalement. Sa mission fondatrice est d\u2019\u0153uvrer pour une justice sociale indispensable \u00e0 une paix durable et universelle.<\/p><\/div><\/li><li class=\"eb-feature-list-item\" data-new-tab=\"true\" data-icon-type=\"icon\" data-icon=\"fas fa-check\" data-icon-color=\"\" data-icon-background-color=\"#fcb900\" data-link=\"https:\/\/www.imf.org\/fr\/home\"><div class=\"eb-feature-list-icon-box\"><div class=\"eb-feature-list-icon-inner\"><span class=\"eb-feature-list-icon\" style=\"color:;background-color:#fcb900\"><i icon=\"fas fa-check\" class=\"fas fa-check \"><\/i><\/span><\/div><\/div><div class=\"eb-feature-list-content-box\"><h3 class=\"eb-feature-list-title\"><a href=\"https:\/\/www.imf.org\/fr\/home\" target=\"_blank\" rel=\"noopener\">Fonds mon\u00e9taire international (FMI)<\/a><\/h3><p class=\"eb-feature-list-content\">Le FMI, organisation regroupant 190 pays, a pour objectif de promouvoir la coop\u00e9ration mon\u00e9taire mondiale, de garantir la stabilit\u00e9 financi\u00e8re, de faciliter le commerce international, de favoriser un taux d&#8217;emploi et une croissance \u00e9conomique durables, et de r\u00e9duire la pauvret\u00e9.<\/p><\/div><\/li><li class=\"eb-feature-list-item\" data-new-tab=\"true\" data-icon-type=\"icon\" data-icon=\"fas fa-check\" data-icon-color=\"\" data-icon-background-color=\"#fcb900\" data-link=\"https:\/\/www.iom.int\/fr\"><div class=\"eb-feature-list-icon-box\"><div class=\"eb-feature-list-icon-inner\"><span class=\"eb-feature-list-icon\" style=\"color:;background-color:#fcb900\"><i icon=\"fas fa-check\" class=\"fas fa-check \"><\/i><\/span><\/div><\/div><div class=\"eb-feature-list-content-box\"><h3 class=\"eb-feature-list-title\"><a href=\"https:\/\/www.iom.int\/fr\" target=\"_blank\" rel=\"noopener\">Organisation internationale pour les migrations (OIM)<\/a><\/h3><p class=\"eb-feature-list-content\">Fond\u00e9e en 1951, l&rsquo;OIM repr\u00e9sente la principale organisation intergouvernementale dans le domaine de la migration. Elle collabore \u00e9troitement avec les gouvernements, les organisations intergouvernementales et non-gouvernementales.<\/p><\/div><\/li><li class=\"eb-feature-list-item\" data-new-tab=\"true\" data-icon-type=\"icon\" data-icon=\"fas fa-check\" data-icon-color=\"\" data-icon-background-color=\"#fcb900\" data-link=\"https:\/\/www.unocha.org\/\"><div class=\"eb-feature-list-icon-box\"><div class=\"eb-feature-list-icon-inner\"><span class=\"eb-feature-list-icon\" style=\"color:;background-color:#fcb900\"><i icon=\"fas fa-check\" class=\"fas fa-check \"><\/i><\/span><\/div><\/div><div class=\"eb-feature-list-content-box\"><h3 class=\"eb-feature-list-title\"><a href=\"https:\/\/www.unocha.org\/\" target=\"_blank\" rel=\"noopener\">Bureau de la coordination des affaires humanitaires (OCHA)<\/a><\/h3><p class=\"eb-feature-list-content\">OCHA a pour mission de mobiliser et coordonner une action humanitaire efficace en partenariat avec les acteurs nationaux et internationaux afin de soulager la souffrance humaine en cas de catastrophes et d&rsquo;urgences.<\/p><\/div><\/li><li class=\"eb-feature-list-item\" data-new-tab=\"true\" data-icon-type=\"icon\" data-icon=\"fas fa-check\" data-icon-color=\"\" data-icon-background-color=\"#fcb900\" data-link=\"https:\/\/www.ohchr.org\/fr\/ohchr_homepage\"><div class=\"eb-feature-list-icon-box\"><div class=\"eb-feature-list-icon-inner\"><span class=\"eb-feature-list-icon\" style=\"color:;background-color:#fcb900\"><i icon=\"fas fa-check\" class=\"fas fa-check \"><\/i><\/span><\/div><\/div><div class=\"eb-feature-list-content-box\"><h3 class=\"eb-feature-list-title\"><a href=\"https:\/\/www.ohchr.org\/fr\/ohchr_homepage\" target=\"_blank\" rel=\"noopener\">Haut-Commissariat des Nations Unies aux droits de l&rsquo;homme (HCDH)<\/a><\/h3><p class=\"eb-feature-list-content\">HCDH constitue l&rsquo;entit\u00e9 principale des Nations Unies en mati\u00e8re de droits de l&rsquo;homme. L&rsquo;Assembl\u00e9e g\u00e9n\u00e9rale lui confie le mandat unique de promouvoir et de prot\u00e9ger tous les droits de l&rsquo;homme<\/p><\/div><\/li><li class=\"eb-feature-list-item\" data-new-tab=\"true\" data-icon-type=\"icon\" data-icon=\"fas fa-check\" data-icon-color=\"\" data-icon-background-color=\"#fcb900\" data-link=\"https:\/\/onu-habitat.org\/\"><div class=\"eb-feature-list-icon-box\"><div class=\"eb-feature-list-icon-inner\"><span class=\"eb-feature-list-icon\" style=\"color:;background-color:#fcb900\"><i icon=\"fas fa-check\" class=\"fas fa-check \"><\/i><\/span><\/div><\/div><div class=\"eb-feature-list-content-box\"><h3 class=\"eb-feature-list-title\"><a href=\"https:\/\/onu-habitat.org\/\" target=\"_blank\" rel=\"noopener\">Programme des Nations Unies pour les \u00e9tablissements humains (ONU-Habitat)<\/a><\/h3><p class=\"eb-feature-list-content\">ONU-Habitat, programme des Nations Unies pour un meilleur avenir urbain, \u0153uvre pour promouvoir le d\u00e9veloppement durable des \u00e9tablissements humains, tant sur le plan social qu&rsquo;environnemental, ainsi que l&rsquo;acc\u00e8s \u00e0 un logement d\u00e9cent pour tous.<\/p><\/div><\/li><li class=\"eb-feature-list-item\" data-new-tab=\"true\" data-icon-type=\"icon\" data-icon=\"fas fa-check\" data-icon-color=\"\" data-icon-background-color=\"#fcb900\" data-link=\"https:\/\/cooperation.gouv.cd\/dev\/category\/activites\/cooperation-avec-lonu-femmes\/\"><div class=\"eb-feature-list-icon-box\"><div class=\"eb-feature-list-icon-inner\"><span class=\"eb-feature-list-icon\" style=\"color:;background-color:#fcb900\"><i icon=\"fas fa-check\" class=\"fas fa-check \"><\/i><\/span><\/div><\/div><div class=\"eb-feature-list-content-box\"><h3 class=\"eb-feature-list-title\"><a href=\"https:\/\/cooperation.gouv.cd\/dev\/category\/activites\/cooperation-avec-lonu-femmes\/\" target=\"_blank\" rel=\"noopener\">Entit\u00e9 des Nations Unies pour l&rsquo;\u00e9galit\u00e9 des sexes et l&rsquo;autonomisation des femmes (ONU Femmes)<\/a><\/h3><p class=\"eb-feature-list-content\">L&rsquo;ONU Femmes, d\u00e9di\u00e9e \u00e0 l&rsquo;\u00e9galit\u00e9 des sexes et \u00e0 l&rsquo;autonomisation des femmes, joue un r\u00f4le de porte-drapeau mondial des femmes et des filles. Cr\u00e9\u00e9e pour acc\u00e9l\u00e9rer les progr\u00e8s en mati\u00e8re de r\u00e9ponse \u00e0 leurs besoins, cette entit\u00e9 agit \u00e0 travers le monde.<\/p><\/div><\/li><li class=\"eb-feature-list-item\" data-new-tab=\"true\" data-icon-type=\"icon\" data-icon=\"fas fa-check\" data-icon-color=\"\" data-icon-background-color=\"#fcb900\" data-link=\"https:\/\/www.unaids.org\/fr\"><div class=\"eb-feature-list-icon-box\"><div class=\"eb-feature-list-icon-inner\"><span class=\"eb-feature-list-icon\" style=\"color:;background-color:#fcb900\"><i icon=\"fas fa-check\" class=\"fas fa-check \"><\/i><\/span><\/div><\/div><div class=\"eb-feature-list-content-box\"><h3 class=\"eb-feature-list-title\"><a href=\"https:\/\/www.unaids.org\/fr\" target=\"_blank\" rel=\"noopener\">Programme commun des Nations Unies sur le VIH\/sida (ONUSIDA)<\/a><\/h3><p class=\"eb-feature-list-content\">L&rsquo;ONUSIDA, partenariat innovant des Nations Unies, guide et mobilise les efforts mondiaux pour garantir un acc\u00e8s universel \u00e0 la pr\u00e9vention, au traitement, aux soins et au soutien concernant le VIH.<\/p><\/div><\/li><li class=\"eb-feature-list-item\" data-new-tab=\"true\" data-icon-type=\"icon\" data-icon=\"fas fa-check\" data-icon-color=\"\" data-icon-background-color=\"#fcb900\" data-link=\"https:\/\/www.uncdf.org\/fr\"><div class=\"eb-feature-list-icon-box\"><div class=\"eb-feature-list-icon-inner\"><span class=\"eb-feature-list-icon\" style=\"color:;background-color:#fcb900\"><i icon=\"fas fa-check\" class=\"fas fa-check \"><\/i><\/span><\/div><\/div><div class=\"eb-feature-list-content-box\"><h3 class=\"eb-feature-list-title\"><a href=\"https:\/\/www.uncdf.org\/fr\" target=\"_blank\" rel=\"noopener\">Fonds d&rsquo;investissement des Nations Unies pour les pays les moins avanc\u00e9s (UNCDF)<\/a><\/h3><p class=\"eb-feature-list-content\">L&rsquo;UNCDF mobilise les finances publiques et priv\u00e9es au service des populations les plus pauvres des 47 pays les moins avanc\u00e9s (PMA<\/p><\/div><\/li><li class=\"eb-feature-list-item\" data-new-tab=\"true\" data-icon-type=\"icon\" data-icon=\"fas fa-check\" data-icon-color=\"\" data-icon-background-color=\"#fcb900\" data-link=\"https:\/\/www.undp.org\/fr\"><div class=\"eb-feature-list-icon-box\"><div class=\"eb-feature-list-icon-inner\"><span class=\"eb-feature-list-icon\" style=\"color:;background-color:#fcb900\"><i icon=\"fas fa-check\" class=\"fas fa-check \"><\/i><\/span><\/div><\/div><div class=\"eb-feature-list-content-box\"><h3 class=\"eb-feature-list-title\"><a href=\"https:\/\/www.undp.org\/fr\" target=\"_blank\" rel=\"noopener\">Programme des Nations Unies pour le d\u00e9veloppement (PNUD)<\/a><\/h3><p class=\"eb-feature-list-content\">Dans environ 170 pays et territoires, le PNUD \u0153uvre pour \u00e9radiquer la pauvret\u00e9 tout en prot\u00e9geant la plan\u00e8te.<\/p><\/div><\/li><li class=\"eb-feature-list-item\" data-new-tab=\"true\" data-icon-type=\"icon\" data-icon=\"fas fa-check\" data-icon-color=\"\" data-icon-background-color=\"#fcb900\" data-link=\"https:\/\/www.unesco.org\/fr\"><div class=\"eb-feature-list-icon-box\"><div class=\"eb-feature-list-icon-inner\"><span class=\"eb-feature-list-icon\" style=\"color:;background-color:#fcb900\"><i icon=\"fas fa-check\" class=\"fas fa-check \"><\/i><\/span><\/div><\/div><div class=\"eb-feature-list-content-box\"><h3 class=\"eb-feature-list-title\"><a href=\"https:\/\/www.unesco.org\/fr\" target=\"_blank\" rel=\"noopener\">Organisation des Nations Unies pour l&rsquo;\u00e9ducation, la science et la culture (UNESCO)<\/a><\/h3><p class=\"eb-feature-list-content\">L&rsquo;UNESCO contribue \u00e0 l&rsquo;\u00e9dification d&rsquo;une culture de la paix, \u00e0 l&rsquo;\u00e9radication de la pauvret\u00e9, au d\u00e9veloppement durable et au dialogue interculturel \u00e0 travers l&rsquo;\u00e9ducation, les sciences, la culture, la communication et l&rsquo;information.<\/p><\/div><\/li><li class=\"eb-feature-list-item\" data-new-tab=\"true\" data-icon-type=\"icon\" data-icon=\"fas fa-check\" data-icon-color=\"\" data-icon-background-color=\"#fcb900\" data-link=\"https:\/\/www.unfpa.org\/fr\"><div class=\"eb-feature-list-icon-box\"><div class=\"eb-feature-list-icon-inner\"><span class=\"eb-feature-list-icon\" style=\"color:;background-color:#fcb900\"><i icon=\"fas fa-check\" class=\"fas fa-check \"><\/i><\/span><\/div><\/div><div class=\"eb-feature-list-content-box\"><h3 class=\"eb-feature-list-title\"><a href=\"https:\/\/www.unfpa.org\/fr\" target=\"_blank\" rel=\"noopener\">Fonds des Nations Unies pour la population (UNFPA)<\/a><\/h3><p class=\"eb-feature-list-content\">L&rsquo;UNFPA, en charge des questions de sant\u00e9 sexuelle et reproductive, vise \u00e0 cr\u00e9er un monde o\u00f9 chaque grossesse est d\u00e9sir\u00e9e et chaque accouchement est sans danger, permettant \u00e0 chaque jeune de r\u00e9aliser pleinement son potentiel.<\/p><\/div><\/li><li class=\"eb-feature-list-item\" data-new-tab=\"true\" data-icon-type=\"icon\" data-icon=\"fas fa-check\" data-icon-color=\"\" data-icon-background-color=\"#fcb900\" data-link=\"https:\/\/www.unhcr.org\/\"><div class=\"eb-feature-list-icon-box\"><div class=\"eb-feature-list-icon-inner\"><span class=\"eb-feature-list-icon\" style=\"color:;background-color:#fcb900\"><i icon=\"fas fa-check\" class=\"fas fa-check \"><\/i><\/span><\/div><\/div><div class=\"eb-feature-list-content-box\"><h3 class=\"eb-feature-list-title\"><a href=\"https:\/\/www.unhcr.org\/\" target=\"_blank\" rel=\"noopener\">Haut-Commissariat des Nations Unies pour les r\u00e9fugi\u00e9s (HCR)<\/a><\/h3><p class=\"eb-feature-list-content\">Le HCR, organisation internationale, \u0153uvre pour sauver des vies, prot\u00e9ger les droits des r\u00e9fugi\u00e9s, construire un avenir meilleur pour les r\u00e9fugi\u00e9s et les communaut\u00e9s d\u00e9plac\u00e9es et les apatrides<\/p><\/div><\/li><li class=\"eb-feature-list-item\" data-new-tab=\"true\" data-icon-type=\"icon\" data-icon=\"fas fa-check\" data-icon-color=\"\" data-icon-background-color=\"#fcb900\" data-link=\"https:\/\/www.unicef.org\/\"><div class=\"eb-feature-list-icon-box\"><div class=\"eb-feature-list-icon-inner\"><span class=\"eb-feature-list-icon\" style=\"color:;background-color:#fcb900\"><i icon=\"fas fa-check\" class=\"fas fa-check \"><\/i><\/span><\/div><\/div><div class=\"eb-feature-list-content-box\"><h3 class=\"eb-feature-list-title\"><a href=\"https:\/\/www.unicef.org\/\" target=\"_blank\" rel=\"noopener\">Fonds des Nations Unies pour l&rsquo;enfance (UNICEF)<\/a><\/h3><p class=\"eb-feature-list-content\">L&rsquo;UNICEF agit dans 190 pays et territoires pour sauver des vies d&rsquo;enfants, d\u00e9fendre leurs droits et les aider \u00e0 r\u00e9aliser leur potentiel. L&rsquo;organisation ne renonce jamais \u00e0 cette mission.<\/p><\/div><\/li><li class=\"eb-feature-list-item\" data-new-tab=\"true\" data-icon-type=\"icon\" data-icon=\"fas fa-check\" data-icon-color=\"\" data-icon-background-color=\"#fcb900\" data-link=\"https:\/\/www.unido.org\/\"><div class=\"eb-feature-list-icon-box\"><div class=\"eb-feature-list-icon-inner\"><span class=\"eb-feature-list-icon\" style=\"color:;background-color:#fcb900\"><i icon=\"fas fa-check\" class=\"fas fa-check \"><\/i><\/span><\/div><\/div><div class=\"eb-feature-list-content-box\"><h3 class=\"eb-feature-list-title\"><a href=\"https:\/\/www.unido.org\/\" target=\"_blank\" rel=\"noopener\">Organisation des Nations Unies pour le d\u00e9veloppement industriel (ONUDI)<\/a><\/h3><p class=\"eb-feature-list-content\">L&rsquo;ONUDI s&#8217;emploie \u00e0 \u00e9radiquer la pauvret\u00e9 gr\u00e2ce \u00e0 un d\u00e9veloppement industriel inclusif et durable<\/p><\/div><\/li><li class=\"eb-feature-list-item\" data-new-tab=\"true\" data-icon-type=\"icon\" data-icon=\"fas fa-check\" data-icon-color=\"\" data-icon-background-color=\"#fcb900\" data-link=\"https:\/\/www.unmas.org\/en\"><div class=\"eb-feature-list-icon-box\"><div class=\"eb-feature-list-icon-inner\"><span class=\"eb-feature-list-icon\" style=\"color:;background-color:#fcb900\"><i icon=\"fas fa-check\" class=\"fas fa-check \"><\/i><\/span><\/div><\/div><div class=\"eb-feature-list-content-box\"><h3 class=\"eb-feature-list-title\"><a href=\"https:\/\/www.unmas.org\/en\" target=\"_blank\" rel=\"noopener\">Bureau des Nations Unies pour l&rsquo;action antimines (UNMAS)<\/a><\/h3><p class=\"eb-feature-list-content\">L&rsquo;UNMAS \u0153uvre pour \u00e9liminer la menace pos\u00e9e par les mines, les restes explosifs de guerre et les engins explosifs improvis\u00e9s, tout en coordonnant les actions antimines de l&rsquo;ONU et en soutenant les r\u00e9ponses op\u00e9rationnelles dans les pays concern\u00e9s.<\/p><\/div><\/li><li class=\"eb-feature-list-item\" data-new-tab=\"true\" data-icon-type=\"icon\" data-icon=\"fas fa-check\" data-icon-color=\"\" data-icon-background-color=\"#fcb900\" data-link=\"https:\/\/www.unops.org\/\"><div class=\"eb-feature-list-icon-box\"><div class=\"eb-feature-list-icon-inner\"><span class=\"eb-feature-list-icon\" style=\"color:;background-color:#fcb900\"><i icon=\"fas fa-check\" class=\"fas fa-check \"><\/i><\/span><\/div><\/div><div class=\"eb-feature-list-content-box\"><h3 class=\"eb-feature-list-title\"><a href=\"https:\/\/www.unops.org\/\" target=\"_blank\" rel=\"noopener\">Bureau des Nations Unies pour les services d&rsquo;appui aux projets (UNOPS)<\/a><\/h3><p class=\"eb-feature-list-content\">L&rsquo;UNOPS se donne pour mission d&rsquo;am\u00e9liorer la qualit\u00e9 de vie des communaut\u00e9s et d&rsquo;aider les pays \u00e0 instaurer la paix et \u00e0 parvenir \u00e0 un d\u00e9veloppement durable.<\/p><\/div><\/li><li class=\"eb-feature-list-item\" data-new-tab=\"true\" data-icon-type=\"icon\" data-icon=\"fas fa-check\" data-icon-color=\"\" data-icon-background-color=\"#fcb900\" data-link=\"https:\/\/www.unv.org\/fr\"><div class=\"eb-feature-list-icon-box\"><div class=\"eb-feature-list-icon-inner\"><span class=\"eb-feature-list-icon\" style=\"color:;background-color:#fcb900\"><i icon=\"fas fa-check\" class=\"fas fa-check \"><\/i><\/span><\/div><\/div><div class=\"eb-feature-list-content-box\"><h3 class=\"eb-feature-list-title\"><a href=\"https:\/\/www.unv.org\/fr\" target=\"_blank\" rel=\"noopener\">Programme de volontariat des Nations Unies (VNU)<\/a><\/h3><p class=\"eb-feature-list-content\">Le programme VNU mobilise des volontaires pour travailler au sein des agences de l&rsquo;ONU, contribuant \u00e0 des programmes de d\u00e9veloppement et \u00e0 des op\u00e9rations de maintien de la paix.<\/p><\/div><\/li><li class=\"eb-feature-list-item\" data-new-tab=\"true\" data-icon-type=\"icon\" data-icon=\"fas fa-check\" data-icon-color=\"\" data-icon-background-color=\"#fcb900\" data-link=\"https:\/\/fr.wfp.org\/\"><div class=\"eb-feature-list-icon-box\"><div class=\"eb-feature-list-icon-inner\"><span class=\"eb-feature-list-icon\" style=\"color:;background-color:#fcb900\"><i icon=\"fas fa-check\" class=\"fas fa-check \"><\/i><\/span><\/div><\/div><div class=\"eb-feature-list-content-box\"><h3 class=\"eb-feature-list-title\"><a href=\"https:\/\/fr.wfp.org\/\" target=\"_blank\" rel=\"noopener\">Programme alimentaire mondial (PAM)<\/a><\/h3><p class=\"eb-feature-list-content\">Le PAM, principal acteur humanitaire mondial dans la lutte contre la faim, fournit une aide alimentaire en situation d&rsquo;urgence et collabore avec les communaut\u00e9s pour am\u00e9liorer la nutrition et renforcer leur r\u00e9silience.<\/p><\/div><\/li><li class=\"eb-feature-list-item\" data-new-tab=\"true\" data-icon-type=\"icon\" data-icon=\"fas fa-check\" data-icon-color=\"\" data-icon-background-color=\"#fcb900\" data-link=\"https:\/\/www.who.int\/fr\/\"><div class=\"eb-feature-list-icon-box\"><div class=\"eb-feature-list-icon-inner\"><span class=\"eb-feature-list-icon\" style=\"color:;background-color:#fcb900\"><i icon=\"fas fa-check\" class=\"fas fa-check \"><\/i><\/span><\/div><\/div><div class=\"eb-feature-list-content-box\"><h3 class=\"eb-feature-list-title\"><a href=\"https:\/\/www.who.int\/fr\/\" target=\"_blank\" rel=\"noopener\">Organisation mondiale de la sant\u00e9 (OMS)<\/a><\/h3><p class=\"eb-feature-list-content\">L&rsquo;OMS, agence sp\u00e9cialis\u00e9e de l&rsquo;ONU, se concentre sur l&rsquo;am\u00e9lioration des perspectives de sant\u00e9 \u00e0 travers le monde. Son personnel intervient dans plus de 150 pays pour atteindre les plus hauts standards de sant\u00e9 pour tous.<\/p><\/div><\/li><li class=\"eb-feature-list-item\" data-new-tab=\"true\" data-icon-type=\"icon\" data-icon=\"fas fa-check\" data-icon-color=\"\" data-icon-background-color=\"#fcb900\" data-link=\"https:\/\/www.banquemondiale.org\/fr\/home\"><div class=\"eb-feature-list-icon-box\"><div class=\"eb-feature-list-icon-inner\"><span class=\"eb-feature-list-icon\" style=\"color:;background-color:#fcb900\"><i icon=\"fas fa-check\" class=\"fas fa-check \"><\/i><\/span><\/div><\/div><div class=\"eb-feature-list-content-box\"><h3 class=\"eb-feature-list-title\"><a href=\"https:\/\/www.banquemondiale.org\/fr\/home\" target=\"_blank\" rel=\"noopener\">Groupe de la Banque mondiale<\/a><\/h3><p class=\"eb-feature-list-content\">Avec 189 \u00c9tats membres, le Groupe de la Banque mondiale regroupe cinq institutions qui collaborent pour trouver des solutions durables afin de r\u00e9duire la pauvret\u00e9 et promouvoir la prosp\u00e9rit\u00e9 partag\u00e9e.<\/p><\/div><\/li><\/ul><\/div><\/div><\/div>\n<\/div><\/div><\/div>\n\n\n\n<div class=\"wp-block-essential-blocks-accordion-item eb-accordion-item-hk6rz eb-accordion-wrapper\" data-clickable=\"false\"><div class=\"eb-accordion-title-wrapper eb-accordion-title-wrapper-eb-accordion-4kges\" tabindex=\"0\"><span class=\"eb-accordion-icon-wrapper eb-accordion-icon-wrapper-eb-accordion-4kges\"><span class=\"fas fa-angle-right eb-accordion-icon\"><\/span><\/span><div class=\"eb-accordion-title-content-wrap title-content-eb-accordion-4kges\"><h3 class=\"eb-accordion-title\">Organisations continentales<\/h3><\/div><\/div><div class=\"eb-accordion-content-wrapper eb-accordion-content-wrapper-eb-accordion-4kges\"><div class=\"eb-accordion-content\">\n<div class=\"wp-block-essential-blocks-feature-list  root-eb-feature-list-2leyv\"><div class=\"eb-parent-wrapper eb-parent-eb-feature-list-2leyv \"><div class=\"eb-feature-list-2leyv eb-feature-list-wrapper eb-icon-position-left eb-tablet-icon-position-left eb-mobile-icon-position-left eb-feature-list-left\"><ul class=\"eb-feature-list-items circle stacked\"><li class=\"eb-feature-list-item\" data-new-tab=\"true\" data-icon-type=\"icon\" data-icon=\"fas fa-check\" data-icon-color=\"\" data-icon-background-color=\"#fcb900\" data-link=\"https:\/\/ceeac-eccas.org\/\"><div class=\"eb-feature-list-icon-box\"><div class=\"eb-feature-list-icon-inner\"><span class=\"eb-feature-list-icon\" style=\"color:;background-color:#fcb900\"><i icon=\"fas fa-check\" class=\"fas fa-check \"><\/i><\/span><\/div><\/div><div class=\"eb-feature-list-content-box\"><h3 class=\"eb-feature-list-title\"><a href=\"https:\/\/ceeac-eccas.org\/\" target=\"_blank\" rel=\"noopener\">Communaut\u00e9 \u00c9conomique des \u00c9tats de l\u2019Afrique Centrale (CEEAC)<\/a><\/h3><p class=\"eb-feature-list-content\">La CEEAC a pour objectif de promouvoir la coop\u00e9ration \u00e9conomique et le d\u00e9veloppement dans la r\u00e9gion d\u2019Afrique centrale.<\/p><\/div><\/li><li class=\"eb-feature-list-item\" data-new-tab=\"true\" data-icon-type=\"icon\" data-icon=\"fas fa-check\" data-icon-color=\"\" data-icon-background-color=\"#fcb900\" data-link=\"https:\/\/au.int\/\"><div class=\"eb-feature-list-icon-box\"><div class=\"eb-feature-list-icon-inner\"><span class=\"eb-feature-list-icon\" style=\"color:;background-color:#fcb900\"><i icon=\"fas fa-check\" class=\"fas fa-check \"><\/i><\/span><\/div><\/div><div class=\"eb-feature-list-content-box\"><h3 class=\"eb-feature-list-title\"><a href=\"https:\/\/au.int\/\" target=\"_blank\" rel=\"noopener\">Union Africaine (UA)<\/a><\/h3><p class=\"eb-feature-list-content\">L\u2019Union Africaine regroupe tous les \u00c9tats africains et \u0153uvre pour l\u2019int\u00e9gration et le d\u00e9veloppement du continent<\/p><\/div><\/li><li class=\"eb-feature-list-item\" data-new-tab=\"false\" data-icon-type=\"icon\" data-icon=\"fas fa-check\" data-icon-color=\"\" data-icon-background-color=\"#fcb900\" data-link=\"https:\/\/www.sadc.int\/\"><div class=\"eb-feature-list-icon-box\"><div class=\"eb-feature-list-icon-inner\"><span class=\"eb-feature-list-icon\" style=\"color:;background-color:#fcb900\"><i icon=\"fas fa-check\" class=\"fas fa-check \"><\/i><\/span><\/div><\/div><div class=\"eb-feature-list-content-box\"><h3 class=\"eb-feature-list-title\"><a href=\"https:\/\/www.sadc.int\/\" target=\"_self\" rel=\"noopener\">Communaut\u00e9 de D\u00e9veloppement de l\u2019Afrique Australe (SADC)<\/a><\/h3><p class=\"eb-feature-list-content\">Bien que la R\u00e9publique D\u00e9mocratique du Congo ne soit pas un membre fondateur, elle participe \u00e0 des projets de coop\u00e9ration r\u00e9gionale au sein de cette organisation.<\/p><\/div><\/li><li class=\"eb-feature-list-item\" data-new-tab=\"false\" data-icon-type=\"icon\" data-icon=\"fas fa-check\" data-icon-color=\"\" data-icon-background-color=\"#fcb900\" data-link=\"\"><div class=\"eb-feature-list-icon-box\"><div class=\"eb-feature-list-icon-inner\"><span class=\"eb-feature-list-icon\" style=\"color:;background-color:#fcb900\"><i icon=\"fas fa-check\" class=\"fas fa-check \"><\/i><\/span><\/div><\/div><div class=\"eb-feature-list-content-box\"><h3 class=\"eb-feature-list-title\">Autorit\u00e9 de la Grande R\u00e9gion des Grands Lacs (AGRL)<\/h3><p class=\"eb-feature-list-content\">L\u2019AGRL se concentre sur la paix, la s\u00e9curit\u00e9 et le d\u00e9veloppement dans la r\u00e9gion des Grands Lacs.<\/p><\/div><\/li><\/ul><\/div><\/div><\/div>\n<\/div><\/div><\/div>\n\n\n\n<div class=\"wp-block-essential-blocks-accordion-item eb-accordion-item-jau15 eb-accordion-wrapper\" data-clickable=\"false\"><div class=\"eb-accordion-title-wrapper eb-accordion-title-wrapper-eb-accordion-4kges\" tabindex=\"0\"><span class=\"eb-accordion-icon-wrapper eb-accordion-icon-wrapper-eb-accordion-4kges\"><span class=\"fas fa-angle-right eb-accordion-icon\"><\/span><\/span><div class=\"eb-accordion-title-content-wrap title-content-eb-accordion-4kges\"><h3 class=\"eb-accordion-title\">Organisations r\u00e9gionales<\/h3><\/div><\/div><div class=\"eb-accordion-content-wrapper eb-accordion-content-wrapper-eb-accordion-4kges\"><div class=\"eb-accordion-content\">\n<div class=\"wp-block-essential-blocks-feature-list  root-eb-feature-list-8krxw\"><div class=\"eb-parent-wrapper eb-parent-eb-feature-list-8krxw \"><div class=\"eb-feature-list-8krxw eb-feature-list-wrapper eb-icon-position-left eb-tablet-icon-position-left eb-mobile-icon-position-left eb-feature-list-left\"><ul class=\"eb-feature-list-items circle stacked\"><li class=\"eb-feature-list-item\" data-new-tab=\"true\" data-icon-type=\"icon\" data-icon=\"fas fa-check\" data-icon-color=\"\" data-icon-background-color=\"#fcb900\" data-link=\"https:\/\/unoca.unmissions.org\/\"><div class=\"eb-feature-list-icon-box\"><div class=\"eb-feature-list-icon-inner\"><span class=\"eb-feature-list-icon\" style=\"color:;background-color:#fcb900\"><i icon=\"fas fa-check\" class=\"fas fa-check \"><\/i><\/span><\/div><\/div><div class=\"eb-feature-list-content-box\"><h3 class=\"eb-feature-list-title\"><a href=\"https:\/\/unoca.unmissions.org\/\" target=\"_blank\" rel=\"noopener\">Union des Nations de l\u2019Afrique Centrale (UNAC)<\/a><\/h3><p class=\"eb-feature-list-content\">L\u2019UNAC vise \u00e0 promouvoir l\u2019int\u00e9gration politique et \u00e9conomique entre les pays d\u2019Afrique centrale.<\/p><\/div><\/li><li class=\"eb-feature-list-item\" data-new-tab=\"true\" data-icon-type=\"icon\" data-icon=\"fas fa-check\" data-icon-color=\"\" data-icon-background-color=\"#fcb900\" data-link=\"https:\/\/monusco.unmissions.org\/\"><div class=\"eb-feature-list-icon-box\"><div class=\"eb-feature-list-icon-inner\"><span class=\"eb-feature-list-icon\" style=\"color:;background-color:#fcb900\"><i icon=\"fas fa-check\" class=\"fas fa-check \"><\/i><\/span><\/div><\/div><div class=\"eb-feature-list-content-box\"><h3 class=\"eb-feature-list-title\"><a href=\"https:\/\/monusco.unmissions.org\/\" target=\"_blank\" rel=\"noopener\">Force Multinationale de l\u2019ONU pour la Stabilisation de la RDC (MONUSCO)<\/a><\/h3><p class=\"eb-feature-list-content\">La MONUSCO, bien qu\u2019\u00e9tant une mission des Nations Unies, joue un r\u00f4le r\u00e9gional important dans la stabilisation de la R\u00e9publique D\u00e9mocratique du Congo.<\/p><\/div><\/li><\/ul><\/div><\/div><\/div>\n<\/div><\/div><\/div>\n\n\n\n<div class=\"wp-block-essential-blocks-accordion-item eb-accordion-item-y59gv eb-accordion-wrapper\" data-clickable=\"false\"><div class=\"eb-accordion-title-wrapper eb-accordion-title-wrapper-eb-accordion-4kges\" tabindex=\"0\"><span class=\"eb-accordion-icon-wrapper eb-accordion-icon-wrapper-eb-accordion-4kges\"><span class=\"fas fa-angle-right eb-accordion-icon\"><\/span><\/span><div class=\"eb-accordion-title-content-wrap title-content-eb-accordion-4kges\"><h3 class=\"eb-accordion-title\">Organisations sous-r\u00e9gionales<\/h3><\/div><\/div><div class=\"eb-accordion-content-wrapper eb-accordion-content-wrapper-eb-accordion-4kges\"><div class=\"eb-accordion-content\">\n<div class=\"wp-block-essential-blocks-feature-list  root-eb-feature-list-kpcrw\"><div class=\"eb-parent-wrapper eb-parent-eb-feature-list-kpcrw \"><div class=\"eb-feature-list-kpcrw eb-feature-list-wrapper eb-icon-position-left eb-tablet-icon-position-left eb-mobile-icon-position-left eb-feature-list-left\"><ul class=\"eb-feature-list-items circle stacked\"><li class=\"eb-feature-list-item\" data-new-tab=\"true\" data-icon-type=\"icon\" data-icon=\"fas fa-check\" data-icon-color=\"\" data-icon-background-color=\"#fcb900\" data-link=\"https:\/\/icglr.org\/fr\/accueil\/\"><div class=\"eb-feature-list-icon-box\"><div class=\"eb-feature-list-icon-inner\"><span class=\"eb-feature-list-icon\" style=\"color:;background-color:#fcb900\"><i icon=\"fas fa-check\" class=\"fas fa-check \"><\/i><\/span><\/div><\/div><div class=\"eb-feature-list-content-box\"><h3 class=\"eb-feature-list-title\"><a href=\"https:\/\/icglr.org\/fr\/accueil\/\" target=\"_blank\" rel=\"noopener\">Organisations Sous-r\u00e9gionales: Initiative R\u00e9gionale de la Conf\u00e9rence Internationale sur la R\u00e9gion des Grands Lacs (CIRGL)<\/a><\/h3><p class=\"eb-feature-list-content\">La CIRGL se concentre sur la s\u00e9curit\u00e9 et le d\u00e9veloppement dans la r\u00e9gion des Grands Lacs.<\/p><\/div><\/li><\/ul><\/div><\/div><\/div>\n<\/div><\/div><\/div>\n<\/div><\/div><\/div><\/div>\n<\/div>\n<\/div>\n\n\n\n<p><\/p>\n","protected":false},"excerpt":{"rendered":"<p>. Liste des organisations de coop\u00e9ration multilat\u00e9rale avec la R\u00e9publique D\u00e9mocratique du Congo<\/p>\n","protected":false},"author":2,"featured_media":0,"parent":0,"menu_order":0,"comment_status":"closed","ping_status":"closed","template":"","meta":{"_eb_attr":"","footnotes":""},"class_list":["post-111","page","type-page","status-publish","hentry"],"yoast_head":"<!-- This site is optimized with the Yoast SEO plugin v25.6 - https:\/\/yoast.com\/wordpress\/plugins\/seo\/ -->\n<title>Coop\u00e9ration Multilat\u00e9rale - Ministre D\u00e9l\u00e9gu\u00e9e En Charge de la Coop\u00e9ration Internationale Et Francophonie<\/title>\n<meta name=\"robots\" content=\"index, follow, max-snippet:-1, max-image-preview:large, max-video-preview:-1\" \/>\n<link rel=\"canonical\" href=\"https:\/\/cooperation.gouv.cd\/dev\/cooperation-mutlilaterale\/\" \/>\n<meta property=\"og:locale\" content=\"fr_FR\" \/>\n<meta property=\"og:type\" content=\"article\" \/>\n<meta property=\"og:title\" content=\"Coop\u00e9ration Multilat\u00e9rale - Ministre D\u00e9l\u00e9gu\u00e9e En Charge de la Coop\u00e9ration Internationale Et Francophonie\" \/>\n<meta property=\"og:description\" content=\". Liste des organisations de coop\u00e9ration multilat\u00e9rale avec la R\u00e9publique D\u00e9mocratique du Congo\" \/>\n<meta property=\"og:url\" content=\"https:\/\/cooperation.gouv.cd\/dev\/cooperation-mutlilaterale\/\" \/>\n<meta property=\"og:site_name\" content=\"Ministre D\u00e9l\u00e9gu\u00e9e En Charge de la Coop\u00e9ration Internationale Et Francophonie\" \/>\n<meta property=\"article:publisher\" content=\"https:\/\/web.facebook.com\/profile.php?id=100064940047039\" \/>\n<meta property=\"article:modified_time\" content=\"2024-12-18T06:10:23+00:00\" \/>\n<meta name=\"twitter:card\" content=\"summary_large_image\" \/>\n<meta name=\"twitter:site\" content=\"@BestineKazadi\" \/>\n<meta name=\"twitter:label1\" content=\"Dur\u00e9e de lecture estim\u00e9e\" \/>\n\t<meta name=\"twitter:data1\" content=\"6 minutes\" \/>\n<script type=\"application\/ld+json\" class=\"yoast-schema-graph\">{\"@context\":\"https:\/\/schema.org\",\"@graph\":[{\"@type\":\"WebPage\",\"@id\":\"https:\/\/cooperation.gouv.cd\/dev\/cooperation-mutlilaterale\/\",\"url\":\"https:\/\/cooperation.gouv.cd\/dev\/cooperation-mutlilaterale\/\",\"name\":\"Coop\u00e9ration Multilat\u00e9rale - Ministre D\u00e9l\u00e9gu\u00e9e En Charge de la Coop\u00e9ration Internationale Et Francophonie\",\"isPartOf\":{\"@id\":\"https:\/\/cooperation.gouv.cd\/dev\/#website\"},\"datePublished\":\"2024-09-22T20:05:34+00:00\",\"dateModified\":\"2024-12-18T06:10:23+00:00\",\"breadcrumb\":{\"@id\":\"https:\/\/cooperation.gouv.cd\/dev\/cooperation-mutlilaterale\/#breadcrumb\"},\"inLanguage\":\"fr-FR\",\"potentialAction\":[{\"@type\":\"ReadAction\",\"target\":[\"https:\/\/cooperation.gouv.cd\/dev\/cooperation-mutlilaterale\/\"]}]},{\"@type\":\"BreadcrumbList\",\"@id\":\"https:\/\/cooperation.gouv.cd\/dev\/cooperation-mutlilaterale\/#breadcrumb\",\"itemListElement\":[{\"@type\":\"ListItem\",\"position\":1,\"name\":\"Accueil\",\"item\":\"https:\/\/cooperation.gouv.cd\/dev\/\"},{\"@type\":\"ListItem\",\"position\":2,\"name\":\"Coop\u00e9ration Multilat\u00e9rale\"}]},{\"@type\":\"WebSite\",\"@id\":\"https:\/\/cooperation.gouv.cd\/dev\/#website\",\"url\":\"https:\/\/cooperation.gouv.cd\/dev\/\",\"name\":\"Ministre D\u00e9l\u00e9gu\u00e9e En Charge de la Coop\u00e9ration Internationale Et Francophonie\",\"description\":\"Portail officiel du Ministre d\u00e9l\u00e9gu\u00e9 en charge de la Coop\u00e9ration internationale et de la Francophonie.\",\"publisher\":{\"@id\":\"https:\/\/cooperation.gouv.cd\/dev\/#organization\"},\"potentialAction\":[{\"@type\":\"SearchAction\",\"target\":{\"@type\":\"EntryPoint\",\"urlTemplate\":\"https:\/\/cooperation.gouv.cd\/dev\/?s={search_term_string}\"},\"query-input\":{\"@type\":\"PropertyValueSpecification\",\"valueRequired\":true,\"valueName\":\"search_term_string\"}}],\"inLanguage\":\"fr-FR\"},{\"@type\":\"Organization\",\"@id\":\"https:\/\/cooperation.gouv.cd\/dev\/#organization\",\"name\":\"Bestine Kazadi\",\"url\":\"https:\/\/cooperation.gouv.cd\/dev\/\",\"logo\":{\"@type\":\"ImageObject\",\"inLanguage\":\"fr-FR\",\"@id\":\"https:\/\/cooperation.gouv.cd\/dev\/#\/schema\/logo\/image\/\",\"url\":\"https:\/\/cooperation.gouv.cd\/dev\/wp-content\/uploads\/2024\/09\/cropped-logo-2.png\",\"contentUrl\":\"https:\/\/cooperation.gouv.cd\/dev\/wp-content\/uploads\/2024\/09\/cropped-logo-2.png\",\"width\":2499,\"height\":1166,\"caption\":\"Bestine Kazadi\"},\"image\":{\"@id\":\"https:\/\/cooperation.gouv.cd\/dev\/#\/schema\/logo\/image\/\"},\"sameAs\":[\"https:\/\/web.facebook.com\/profile.php?id=100064940047039\",\"https:\/\/x.com\/BestineKazadi\",\"https:\/\/www.youtube.com\/@CoopInternEtFrancophonie\",\"https:\/\/www.instagram.com\/bestine_kazadi\/\",\"https:\/\/whatsapp.com\/channel\/0029Vax83N8AojYzbHOjzx05\"]}]}<\/script>\n<!-- \/ Yoast SEO plugin. -->","yoast_head_json":{"title":"Coop\u00e9ration Multilat\u00e9rale - Ministre D\u00e9l\u00e9gu\u00e9e En Charge de la Coop\u00e9ration Internationale Et Francophonie","robots":{"index":"index","follow":"follow","max-snippet":"max-snippet:-1","max-image-preview":"max-image-preview:large","max-video-preview":"max-video-preview:-1"},"canonical":"https:\/\/cooperation.gouv.cd\/dev\/cooperation-mutlilaterale\/","og_locale":"fr_FR","og_type":"article","og_title":"Coop\u00e9ration Multilat\u00e9rale - Ministre D\u00e9l\u00e9gu\u00e9e En Charge de la Coop\u00e9ration Internationale Et Francophonie","og_description":". Liste des organisations de coop\u00e9ration multilat\u00e9rale avec la R\u00e9publique D\u00e9mocratique du Congo","og_url":"https:\/\/cooperation.gouv.cd\/dev\/cooperation-mutlilaterale\/","og_site_name":"Ministre D\u00e9l\u00e9gu\u00e9e En Charge de la Coop\u00e9ration Internationale Et Francophonie","article_publisher":"https:\/\/web.facebook.com\/profile.php?id=100064940047039","article_modified_time":"2024-12-18T06:10:23+00:00","twitter_card":"summary_large_image","twitter_site":"@BestineKazadi","twitter_misc":{"Dur\u00e9e de lecture estim\u00e9e":"6 minutes"},"schema":{"@context":"https:\/\/schema.org","@graph":[{"@type":"WebPage","@id":"https:\/\/cooperation.gouv.cd\/dev\/cooperation-mutlilaterale\/","url":"https:\/\/cooperation.gouv.cd\/dev\/cooperation-mutlilaterale\/","name":"Coop\u00e9ration Multilat\u00e9rale - Ministre D\u00e9l\u00e9gu\u00e9e En Charge de la Coop\u00e9ration Internationale Et Francophonie","isPartOf":{"@id":"https:\/\/cooperation.gouv.cd\/dev\/#website"},"datePublished":"2024-09-22T20:05:34+00:00","dateModified":"2024-12-18T06:10:23+00:00","breadcrumb":{"@id":"https:\/\/cooperation.gouv.cd\/dev\/cooperation-mutlilaterale\/#breadcrumb"},"inLanguage":"fr-FR","potentialAction":[{"@type":"ReadAction","target":["https:\/\/cooperation.gouv.cd\/dev\/cooperation-mutlilaterale\/"]}]},{"@type":"BreadcrumbList","@id":"https:\/\/cooperation.gouv.cd\/dev\/cooperation-mutlilaterale\/#breadcrumb","itemListElement":[{"@type":"ListItem","position":1,"name":"Accueil","item":"https:\/\/cooperation.gouv.cd\/dev\/"},{"@type":"ListItem","position":2,"name":"Coop\u00e9ration Multilat\u00e9rale"}]},{"@type":"WebSite","@id":"https:\/\/cooperation.gouv.cd\/dev\/#website","url":"https:\/\/cooperation.gouv.cd\/dev\/","name":"Ministre D\u00e9l\u00e9gu\u00e9e En Charge de la Coop\u00e9ration Internationale Et Francophonie","description":"Portail officiel du Ministre d\u00e9l\u00e9gu\u00e9 en charge de la Coop\u00e9ration internationale et de la Francophonie.","publisher":{"@id":"https:\/\/cooperation.gouv.cd\/dev\/#organization"},"potentialAction":[{"@type":"SearchAction","target":{"@type":"EntryPoint","urlTemplate":"https:\/\/cooperation.gouv.cd\/dev\/?s={search_term_string}"},"query-input":{"@type":"PropertyValueSpecification","valueRequired":true,"valueName":"search_term_string"}}],"inLanguage":"fr-FR"},{"@type":"Organization","@id":"https:\/\/cooperation.gouv.cd\/dev\/#organization","name":"Bestine Kazadi","url":"https:\/\/cooperation.gouv.cd\/dev\/","logo":{"@type":"ImageObject","inLanguage":"fr-FR","@id":"https:\/\/cooperation.gouv.cd\/dev\/#\/schema\/logo\/image\/","url":"https:\/\/cooperation.gouv.cd\/dev\/wp-content\/uploads\/2024\/09\/cropped-logo-2.png","contentUrl":"https:\/\/cooperation.gouv.cd\/dev\/wp-content\/uploads\/2024\/09\/cropped-logo-2.png","width":2499,"height":1166,"caption":"Bestine Kazadi"},"image":{"@id":"https:\/\/cooperation.gouv.cd\/dev\/#\/schema\/logo\/image\/"},"sameAs":["https:\/\/web.facebook.com\/profile.php?id=100064940047039","https:\/\/x.com\/BestineKazadi","https:\/\/www.youtube.com\/@CoopInternEtFrancophonie","https:\/\/www.instagram.com\/bestine_kazadi\/","https:\/\/whatsapp.com\/channel\/0029Vax83N8AojYzbHOjzx05"]}]}},"jetpack_sharing_enabled":true,"_links":{"self":[{"href":"https:\/\/cooperation.gouv.cd\/dev\/wp-json\/wp\/v2\/pages\/111","targetHints":{"allow":["GET"]}}],"collection":[{"href":"https:\/\/cooperation.gouv.cd\/dev\/wp-json\/wp\/v2\/pages"}],"about":[{"href":"https:\/\/cooperation.gouv.cd\/dev\/wp-json\/wp\/v2\/types\/page"}],"author":[{"embeddable":true,"href":"https:\/\/cooperation.gouv.cd\/dev\/wp-json\/wp\/v2\/users\/2"}],"replies":[{"embeddable":true,"href":"https:\/\/cooperation.gouv.cd\/dev\/wp-json\/wp\/v2\/comments?post=111"}],"version-history":[{"count":18,"href":"https:\/\/cooperation.gouv.cd\/dev\/wp-json\/wp\/v2\/pages\/111\/revisions"}],"predecessor-version":[{"id":2374,"href":"https:\/\/cooperation.gouv.cd\/dev\/wp-json\/wp\/v2\/pages\/111\/revisions\/2374"}],"wp:attachment":[{"href":"https:\/\/cooperation.gouv.cd\/dev\/wp-json\/wp\/v2\/media?parent=111"}],"curies":[{"name":"wp","href":"https:\/\/api.w.org\/{rel}","templated":true}]}}